{"id":5485,"date":"2018-09-06T14:53:56","date_gmt":"2018-09-06T14:53:56","guid":{"rendered":"https:\/\/www.doorarreda.it\/contatti\/"},"modified":"2019-07-24T07:42:06","modified_gmt":"2019-07-24T07:42:06","slug":"contacts","status":"publish","type":"page","link":"https:\/\/www.doorarreda.it\/fr\/contacts\/","title":{"rendered":"Contacts"},"content":{"rendered":"<p>[vc_row row_content_width=\u00a0\u00bbgrid\u00a0\u00bb css=\u00a0\u00bb.vc_custom_1521629503723{padding-top: 132px !important;padding-bottom: 80px !important;}\u00a0\u00bb][vc_column width=\u00a0\u00bb5\/12&Prime;]<div class=\"qodef-section-title-holder    qodef-st-text-available \" >\n\t<div class=\"qodef-st-inner\">\n\t\t\t\t\t<h1 class=\"qodef-st-title\" >\n\t\t\t\tNous contacter<br \/>\t\t\t<\/h1>\n\t\t\t\t<div class=\"qodef-st-text-holder clearfix\" style=\"margin-top: 35px;margin-bottom: 35px\">\n\t\t\t\t\t\t\t\t\t\t<p class=\"qodef-st-text\" >\n\t\t\t\t\tVous souhaitez plus de renseignements sur nos portes d\u2019int\u00e9rieur ?<br \/>\nRemplissez le formulaire et nous vous r\u00e9pondrons le plus rapidement possible.\t\t\t\t<\/p>\n\t\t\t\t\t<\/div>\n\t\t\t<\/div>\n<\/div>[vc_empty_space height=\u00a0\u00bb64&Prime;]<div class=\"qodef-iwt clearfix  qodef-iwt-icon-left-from-title qodef-iwt-icon-small \">\n\t<div class=\"qodef-iwt-content\" >\n\t\t\t\t\t<h4 class=\"qodef-iwt-title\" >\n\t\t\t\t\t\t\t\t\t<a itemprop=\"url\" href=\"https:\/\/goo.gl\/maps\/3qCL8XQQ3uu\" target=\"_blank\">\n\t\t\t\t\t\t\t\t\t<span class=\"qodef-iwt-icon\">\n\t\t\t\t\t\t\t\t\t\t\t\t\t    <span class=\"qodef-icon-shortcode qodef-normal   qodef-icon-small\"  >\n                    <i class=\"qodef-icon-ion-icon ion-android-map qodef-icon-element\" style=\"\" ><\/i>            <\/span>\n\t\t\t\t\t\t\t\t\t\t\t<\/span>\n\t\t\t\t\t<span class=\"qodef-iwt-title-text\">Via Francenigo, 27 \u2014 33077 Sacile (PN) Italy<\/span>\n\t\t\t\t\t\t\t\t\t<\/a>\n\t\t\t\t\t\t\t<\/h4>\n\t\t\t\t\t<\/div>\n<\/div>[vc_empty_space height=\u00a0\u00bb10&Prime;]<div class=\"qodef-iwt clearfix  qodef-iwt-icon-left-from-title qodef-iwt-icon-small \">\n\t<div class=\"qodef-iwt-content\" >\n\t\t\t\t\t<h4 class=\"qodef-iwt-title\" >\n\t\t\t\t\t\t\t\t\t<a itemprop=\"url\" href=\"tel:+390434738200\" target=\"_blank\">\n\t\t\t\t\t\t\t\t\t<span class=\"qodef-iwt-icon\">\n\t\t\t\t\t\t\t\t\t\t\t\t\t    <span class=\"qodef-icon-shortcode qodef-normal   qodef-icon-small\"  >\n                    <i class=\"qodef-icon-ion-icon ion-android-call qodef-icon-element\" style=\"\" ><\/i>            <\/span>\n\t\t\t\t\t\t\t\t\t\t\t<\/span>\n\t\t\t\t\t<span class=\"qodef-iwt-title-text\">T. +39 0434 738 200<\/span>\n\t\t\t\t\t\t\t\t\t<\/a>\n\t\t\t\t\t\t\t<\/h4>\n\t\t\t\t\t<\/div>\n<\/div>[vc_empty_space height=\u00a0\u00bb10&Prime;]<div class=\"qodef-iwt clearfix  qodef-iwt-icon-left-from-title qodef-iwt-icon-small \">\n\t<div class=\"qodef-iwt-content\" >\n\t\t\t\t\t<h4 class=\"qodef-iwt-title\" >\n\t\t\t\t\t\t\t\t\t<a itemprop=\"url\" href=\"tel:+390434780066\" target=\"_blank\">\n\t\t\t\t\t\t\t\t\t<span class=\"qodef-iwt-icon\">\n\t\t\t\t\t\t\t\t\t\t\t\t\t    <span class=\"qodef-icon-shortcode qodef-normal   qodef-icon-small\"  >\n                    <i class=\"qodef-icon-ion-icon ion-android-call qodef-icon-element\" style=\"\" ><\/i>            <\/span>\n\t\t\t\t\t\t\t\t\t\t\t<\/span>\n\t\t\t\t\t<span class=\"qodef-iwt-title-text\">F. +39 0434 780 066<\/span>\n\t\t\t\t\t\t\t\t\t<\/a>\n\t\t\t\t\t\t\t<\/h4>\n\t\t\t\t\t<\/div>\n<\/div>[vc_empty_space height=\u00a0\u00bb10&Prime;]<div class=\"qodef-iwt clearfix  qodef-iwt-icon-left-from-title qodef-iwt-icon-small \">\n\t<div class=\"qodef-iwt-content\" >\n\t\t\t\t\t<h4 class=\"qodef-iwt-title\" >\n\t\t\t\t\t\t\t\t\t<a itemprop=\"url\" href=\"mailto:doorarreda@doorarreda.it\" target=\"_blank\">\n\t\t\t\t\t\t\t\t\t<span class=\"qodef-iwt-icon\">\n\t\t\t\t\t\t\t\t\t\t\t\t\t    <span class=\"qodef-icon-shortcode qodef-normal   qodef-icon-small\"  >\n                    <i class=\"qodef-icon-ion-icon ion-android-mail qodef-icon-element\" style=\"font-size:25px\" ><\/i>            <\/span>\n\t\t\t\t\t\t\t\t\t\t\t<\/span>\n\t\t\t\t\t<span class=\"qodef-iwt-title-text\">doorarreda@doorarreda.it<\/span>\n\t\t\t\t\t\t\t\t\t<\/a>\n\t\t\t\t\t\t\t<\/h4>\n\t\t\t\t\t<\/div>\n<\/div>[\/vc_column][vc_column width=\u00a0\u00bb7\/12&Prime;][vc_empty_space height=\u00a0\u00bb64&Prime;]\n<div class=\"wpcf7 no-js\" id=\"wpcf7-f5495-o1\" lang=\"en-US\" dir=\"ltr\" data-wpcf7-id=\"5495\">\n<div class=\"screen-reader-response\"><p role=\"status\" aria-live=\"polite\" aria-atomic=\"true\"><\/p> <ul><\/ul><\/div>\n<form action=\"\/fr\/wp-json\/wp\/v2\/pages\/5485#wpcf7-f5495-o1\" method=\"post\" class=\"wpcf7-form init\" aria-label=\"Contact form\" novalidate=\"novalidate\" data-status=\"init\">\n<div style=\"display: none;\">\n<input type=\"hidden\" name=\"_wpcf7\" value=\"5495\" \/>\n<input type=\"hidden\" name=\"_wpcf7_version\" value=\"6.0.6\" \/>\n<input type=\"hidden\" name=\"_wpcf7_locale\" value=\"en_US\" \/>\n<input type=\"hidden\" name=\"_wpcf7_unit_tag\" value=\"wpcf7-f5495-o1\" \/>\n<input type=\"hidden\" name=\"_wpcf7_container_post\" value=\"0\" \/>\n<input type=\"hidden\" name=\"_wpcf7_posted_data_hash\" value=\"\" \/>\n<\/div>\n<div class=\"qodef-grid-row qodef-grid-small-gutter\">\n\t<div class=\"qodef-grid-col-6\">\n\t\t<p><span class=\"wpcf7-form-control-wrap\" data-name=\"your-name\"><input size=\"40\" maxlength=\"400\" class=\"wpcf7-form-control wpcf7-text wpcf7-validates-as-required\" aria-required=\"true\" aria-invalid=\"false\" placeholder=\"NOM\" value=\"\" type=\"text\" name=\"your-name\" \/><\/span>\n\t\t<\/p>\n\t<\/div>\n\t<div class=\"qodef-grid-col-6\">\n\t\t<p><span class=\"wpcf7-form-control-wrap\" data-name=\"your-email\"><input size=\"40\" maxlength=\"400\" class=\"wpcf7-form-control wpcf7-email wpcf7-validates-as-required wpcf7-text wpcf7-validates-as-email\" aria-required=\"true\" aria-invalid=\"false\" placeholder=\"EMAIL\" value=\"\" type=\"email\" name=\"your-email\" \/><\/span>\n\t\t<\/p>\n\t<\/div>\n<\/div>\n<p><span class=\"wpcf7-form-control-wrap\" data-name=\"your-message\"><textarea cols=\"40\" rows=\"10\" maxlength=\"2000\" class=\"wpcf7-form-control wpcf7-textarea\" aria-invalid=\"false\" placeholder=\"MESSAGE\" name=\"your-message\"><\/textarea><\/span>\n<\/p>\n<p style=\"text-align: right;\">\n<\/p>\n<p><span class=\"wpcf7-form-control-wrap\" data-name=\"privacy\"><span class=\"wpcf7-form-control wpcf7-acceptance optional\"><span class=\"wpcf7-list-item\"><label><input type=\"checkbox\" name=\"privacy\" value=\"1\" aria-invalid=\"false\" \/><span class=\"wpcf7-list-item-label\">J'accepte les conditions de la <a href=\"https:\/\/www.doorarreda.it\/privacy-policy\/\">politique de confidentialit\u00e9<\/a><\/span><\/label><\/span><\/span><\/span>\n<\/p>\n<p><input class=\"wpcf7-form-control wpcf7-submit has-spinner qodef-cf7-hover\" type=\"submit\" value=\"Nous contacter\" \/>\n<\/p><div class=\"wpcf7-response-output\" aria-hidden=\"true\"><\/div>\n<\/form>\n<\/div>\n[\/vc_column][\/vc_row][vc_row][vc_column][vc_gmaps link=\u00a0\u00bb#E-8_JTNDaWZyYW1lJTIwc3JjJTNEJTIyaHR0cHMlM0ElMkYlMkZ3d3cuZ29vZ2xlLmNvbSUyRm1hcHMlMkZlbWJlZCUzRnBiJTNEJTIxMW0xOCUyMTFtMTIlMjExbTMlMjExZDI3NzQuOTE1MTc4MDE0NTE5JTIxMmQxMi40OTk3Mjc2MTU1NzMxODklMjEzZDQ1LjkzMjk5NTA3OTEwOTI2JTIxMm0zJTIxMWYwJTIxMmYwJTIxM2YwJTIxM20yJTIxMWkxMDI0JTIxMmk3NjglMjE0ZjEzLjElMjEzbTMlMjExbTIlMjExczB4NDc3OTZlZTVhN2M1MDE0YiUyNTNBMHhkYzAwZWVkMGM1MDlhZDIwJTIxMnNEb29yQXJyZWRhJTIxNWUwJTIxM20yJTIxMXNpdCUyMTJzaXQlMjE0djE1NDA4NTQyNzY1NzElMjIlMjB3aWR0aCUzRCUyMjgwMCUyMiUyMGhlaWdodCUzRCUyMjYwMCUyMiUyMGZyYW1lYm9yZGVyJTNEJTIyMCUyMiUyMHN0eWxlJTNEJTIyYm9yZGVyJTNBMCUyMiUyMGFsbG93ZnVsbHNjcmVlbiUzRSUzQyUyRmlmcmFtZSUzRQ==\u00a0\u00bb size=\u00a0\u00bb415&Prime;][\/vc_column][\/vc_row]<\/p>\n","protected":false},"excerpt":{"rendered":"<p>[vc_row row_content_width=\u00a0\u00bbgrid\u00a0\u00bb css=\u00a0\u00bb.vc_custom_1521629503723{padding-top: 132px !important;padding-bottom: 80px !important;}\u00a0\u00bb][vc_column width=\u00a0\u00bb5\/12&Prime;][vc_empty_space height=\u00a0\u00bb64&Prime;][vc_empty_space height=\u00a0\u00bb10&Prime;][vc_empty_space height=\u00a0\u00bb10&Prime;][vc_empty_space height=\u00a0\u00bb10&Prime;][\/vc_column][vc_column width=\u00a0\u00bb7\/12&Prime;][vc_empty_space height=\u00a0\u00bb64&Prime;][\/vc_column][\/vc_row][vc_row][vc_column][vc_gmaps link=\u00a0\u00bb#E-8_JTNDaWZyYW1lJTIwc3JjJTNEJTIyaHR0cHMlM0ElMkYlMkZ3d3cuZ29vZ2xlLmNvbSUyRm1hcHMlMkZlbWJlZCUzRnBiJTNEJTIxMW0xOCUyMTFtMTIlMjExbTMlMjExZDI3NzQuOTE1MTc4MDE0NTE5JTIxMmQxMi40OTk3Mjc2MTU1NzMxODklMjEzZDQ1LjkzMjk5NTA3OTEwOTI2JTIxMm0zJTIxMWYwJTIxMmYwJTIxM2YwJTIxM20yJTIxMWkxMDI0JTIxMmk3NjglMjE0ZjEzLjElMjEzbTMlMjExbTIlMjExczB4NDc3OTZlZTVhN2M1MDE0YiUyNTNBMHhkYzAwZWVkMGM1MDlhZDIwJTIxMnNEb29yQXJyZWRhJTIxNWUwJTIxM20yJTIxMXNpdCUyMTJzaXQlMjE0djE1NDA4NTQyNzY1NzElMjIlMjB3aWR0aCUzRCUyMjgwMCUyMiUyMGhlaWdodCUzRCUyMjYwMCUyMiUyMGZyYW1lYm9yZGVyJTNEJTIyMCUyMiUyMHN0eWxlJTNEJTIyYm9yZGVyJTNBMCUyMiUyMGFsbG93ZnVsbHNjcmVlbiUzRSUzQyUyRmlmcmFtZSUzRQ==\u00a0\u00bb size=\u00a0\u00bb415&Prime;][\/vc_column][\/vc_row]<\/p>\n","protected":false},"author":3,"featured_media":0,"parent":0,"menu_order":0,"comment_status":"open","ping_status":"open","template":"full-width.php","meta":{"_acf_changed":false,"inline_featured_image":false,"footnotes":""},"class_list":["post-5485","page","type-page","status-publish","hentry"],"acf":[],"yoast_head":"<!-- This site is optimized with the Yoast SEO plugin v23.9 - https:\/\/yoast.com\/wordpress\/plugins\/seo\/ -->\n<title>Contacts | DoorArreda S.r.l. - Via Francenigo, 27 - Sacile (PN)<\/title>\n<meta name=\"description\" content=\"Vous souhaitez plus de renseignements sur nos portes d\u2019int\u00e9rieur ? T\u00e9l\u00e9phonez-nous, \u00e9crivez-nous ou bien remplissez le formulaire. Nous vous r\u00e9pondrons le plus rapidement possible.\" \/>\n<meta name=\"robots\" content=\"index, follow, max-snippet:-1, max-image-preview:large, max-video-preview:-1\" \/>\n<link rel=\"canonical\" href=\"https:\/\/www.doorarreda.it\/fr\/contacts\/\" \/>\n<meta property=\"og:locale\" content=\"fr_FR\" \/>\n<meta property=\"og:type\" content=\"article\" \/>\n<meta property=\"og:title\" content=\"Contatti | DoorArreda S.r.l. - Via Francenigo, 27 - Sacile (PN)\" \/>\n<meta property=\"og:description\" content=\"Volete maggiori informazioni sulle nostre porte per interni? Chiamaci, scrivici una mail oppure compila il form. Ti risponderemo al pi\u00f9 presto.\" \/>\n<meta property=\"og:url\" content=\"https:\/\/www.doorarreda.it\/fr\/contacts\/\" \/>\n<meta property=\"og:site_name\" content=\"DoorArreda\" \/>\n<meta property=\"article:modified_time\" content=\"2019-07-24T07:42:06+00:00\" \/>\n<meta name=\"twitter:card\" content=\"summary_large_image\" \/>\n<meta name=\"twitter:title\" content=\"Contatti | DoorArreda S.r.l. - Via Francenigo, 27 - Sacile (PN)\" \/>\n<meta name=\"twitter:description\" content=\"Volete maggiori informazioni sulle nostre porte per interni? Chiamaci, scrivici una mail oppure compila il form. Ti risponderemo al pi\u00f9 presto.\" \/>\n<meta name=\"twitter:label1\" content=\"Dur\u00e9e de lecture estim\u00e9e\" \/>\n\t<meta name=\"twitter:data1\" content=\"1 minute\" \/>\n<script type=\"application\/ld+json\" class=\"yoast-schema-graph\">{\"@context\":\"https:\/\/schema.org\",\"@graph\":[{\"@type\":\"WebPage\",\"@id\":\"https:\/\/www.doorarreda.it\/fr\/contacts\/\",\"url\":\"https:\/\/www.doorarreda.it\/fr\/contacts\/\",\"name\":\"Contacts | DoorArreda S.r.l. - Via Francenigo, 27 - Sacile (PN)\",\"isPartOf\":{\"@id\":\"https:\/\/doorarreda.it.encom.io\/#website\"},\"datePublished\":\"2018-09-06T14:53:56+00:00\",\"dateModified\":\"2019-07-24T07:42:06+00:00\",\"description\":\"Vous souhaitez plus de renseignements sur nos portes d\u2019int\u00e9rieur ? T\u00e9l\u00e9phonez-nous, \u00e9crivez-nous ou bien remplissez le formulaire. Nous vous r\u00e9pondrons le plus rapidement possible.\",\"breadcrumb\":{\"@id\":\"https:\/\/www.doorarreda.it\/fr\/contacts\/#breadcrumb\"},\"inLanguage\":\"fr-FR\",\"potentialAction\":[{\"@type\":\"ReadAction\",\"target\":[\"https:\/\/www.doorarreda.it\/fr\/contacts\/\"]}]},{\"@type\":\"BreadcrumbList\",\"@id\":\"https:\/\/www.doorarreda.it\/fr\/contacts\/#breadcrumb\",\"itemListElement\":[{\"@type\":\"ListItem\",\"position\":1,\"name\":\"Home\",\"item\":\"https:\/\/www.doorarreda.it\/fr\/\"},{\"@type\":\"ListItem\",\"position\":2,\"name\":\"Contacts\"}]},{\"@type\":\"WebSite\",\"@id\":\"https:\/\/doorarreda.it.encom.io\/#website\",\"url\":\"https:\/\/doorarreda.it.encom.io\/\",\"name\":\"DoorArreda\",\"description\":\"Italian doors for living\",\"publisher\":{\"@id\":\"https:\/\/doorarreda.it.encom.io\/#organization\"},\"potentialAction\":[{\"@type\":\"SearchAction\",\"target\":{\"@type\":\"EntryPoint\",\"urlTemplate\":\"https:\/\/doorarreda.it.encom.io\/?s={search_term_string}\"},\"query-input\":{\"@type\":\"PropertyValueSpecification\",\"valueRequired\":true,\"valueName\":\"search_term_string\"}}],\"inLanguage\":\"fr-FR\"},{\"@type\":\"Organization\",\"@id\":\"https:\/\/doorarreda.it.encom.io\/#organization\",\"name\":\"DoorArreda\",\"url\":\"https:\/\/doorarreda.it.encom.io\/\",\"logo\":{\"@type\":\"ImageObject\",\"inLanguage\":\"fr-FR\",\"@id\":\"https:\/\/doorarreda.it.encom.io\/#\/schema\/logo\/image\/\",\"url\":\"https:\/\/www.doorarreda.it\/wp-content\/uploads\/2018\/09\/doorarreda_logo.png\",\"contentUrl\":\"https:\/\/www.doorarreda.it\/wp-content\/uploads\/2018\/09\/doorarreda_logo.png\",\"width\":800,\"height\":114,\"caption\":\"DoorArreda\"},\"image\":{\"@id\":\"https:\/\/doorarreda.it.encom.io\/#\/schema\/logo\/image\/\"},\"sameAs\":[\"https:\/\/www.instagram.com\/doorarreda\/\",\"https:\/\/it.linkedin.com\/company\/doorarreda-s.r.l.\",\"https:\/\/www.youtube.com\/channel\/UCSXzztyQ7IfekV8nfq0dElg\"]}]}<\/script>\n<!-- \/ Yoast SEO plugin. -->","yoast_head_json":{"title":"Contacts | DoorArreda S.r.l. - Via Francenigo, 27 - Sacile (PN)","description":"Vous souhaitez plus de renseignements sur nos portes d\u2019int\u00e9rieur ? T\u00e9l\u00e9phonez-nous, \u00e9crivez-nous ou bien remplissez le formulaire. Nous vous r\u00e9pondrons le plus rapidement possible.","robots":{"index":"index","follow":"follow","max-snippet":"max-snippet:-1","max-image-preview":"max-image-preview:large","max-video-preview":"max-video-preview:-1"},"canonical":"https:\/\/www.doorarreda.it\/fr\/contacts\/","og_locale":"fr_FR","og_type":"article","og_title":"Contatti | DoorArreda S.r.l. - Via Francenigo, 27 - Sacile (PN)","og_description":"Volete maggiori informazioni sulle nostre porte per interni? Chiamaci, scrivici una mail oppure compila il form. Ti risponderemo al pi\u00f9 presto.","og_url":"https:\/\/www.doorarreda.it\/fr\/contacts\/","og_site_name":"DoorArreda","article_modified_time":"2019-07-24T07:42:06+00:00","twitter_card":"summary_large_image","twitter_title":"Contatti | DoorArreda S.r.l. - Via Francenigo, 27 - Sacile (PN)","twitter_description":"Volete maggiori informazioni sulle nostre porte per interni? Chiamaci, scrivici una mail oppure compila il form. Ti risponderemo al pi\u00f9 presto.","twitter_misc":{"Dur\u00e9e de lecture estim\u00e9e":"1 minute"},"schema":{"@context":"https:\/\/schema.org","@graph":[{"@type":"WebPage","@id":"https:\/\/www.doorarreda.it\/fr\/contacts\/","url":"https:\/\/www.doorarreda.it\/fr\/contacts\/","name":"Contacts | DoorArreda S.r.l. - Via Francenigo, 27 - Sacile (PN)","isPartOf":{"@id":"https:\/\/doorarreda.it.encom.io\/#website"},"datePublished":"2018-09-06T14:53:56+00:00","dateModified":"2019-07-24T07:42:06+00:00","description":"Vous souhaitez plus de renseignements sur nos portes d\u2019int\u00e9rieur ? T\u00e9l\u00e9phonez-nous, \u00e9crivez-nous ou bien remplissez le formulaire. Nous vous r\u00e9pondrons le plus rapidement possible.","breadcrumb":{"@id":"https:\/\/www.doorarreda.it\/fr\/contacts\/#breadcrumb"},"inLanguage":"fr-FR","potentialAction":[{"@type":"ReadAction","target":["https:\/\/www.doorarreda.it\/fr\/contacts\/"]}]},{"@type":"BreadcrumbList","@id":"https:\/\/www.doorarreda.it\/fr\/contacts\/#breadcrumb","itemListElement":[{"@type":"ListItem","position":1,"name":"Home","item":"https:\/\/www.doorarreda.it\/fr\/"},{"@type":"ListItem","position":2,"name":"Contacts"}]},{"@type":"WebSite","@id":"https:\/\/doorarreda.it.encom.io\/#website","url":"https:\/\/doorarreda.it.encom.io\/","name":"DoorArreda","description":"Italian doors for living","publisher":{"@id":"https:\/\/doorarreda.it.encom.io\/#organization"},"potentialAction":[{"@type":"SearchAction","target":{"@type":"EntryPoint","urlTemplate":"https:\/\/doorarreda.it.encom.io\/?s={search_term_string}"},"query-input":{"@type":"PropertyValueSpecification","valueRequired":true,"valueName":"search_term_string"}}],"inLanguage":"fr-FR"},{"@type":"Organization","@id":"https:\/\/doorarreda.it.encom.io\/#organization","name":"DoorArreda","url":"https:\/\/doorarreda.it.encom.io\/","logo":{"@type":"ImageObject","inLanguage":"fr-FR","@id":"https:\/\/doorarreda.it.encom.io\/#\/schema\/logo\/image\/","url":"https:\/\/www.doorarreda.it\/wp-content\/uploads\/2018\/09\/doorarreda_logo.png","contentUrl":"https:\/\/www.doorarreda.it\/wp-content\/uploads\/2018\/09\/doorarreda_logo.png","width":800,"height":114,"caption":"DoorArreda"},"image":{"@id":"https:\/\/doorarreda.it.encom.io\/#\/schema\/logo\/image\/"},"sameAs":["https:\/\/www.instagram.com\/doorarreda\/","https:\/\/it.linkedin.com\/company\/doorarreda-s.r.l.","https:\/\/www.youtube.com\/channel\/UCSXzztyQ7IfekV8nfq0dElg"]}]}},"_links":{"self":[{"href":"https:\/\/www.doorarreda.it\/fr\/wp-json\/wp\/v2\/pages\/5485","targetHints":{"allow":["GET"]}}],"collection":[{"href":"https:\/\/www.doorarreda.it\/fr\/wp-json\/wp\/v2\/pages"}],"about":[{"href":"https:\/\/www.doorarreda.it\/fr\/wp-json\/wp\/v2\/types\/page"}],"author":[{"embeddable":true,"href":"https:\/\/www.doorarreda.it\/fr\/wp-json\/wp\/v2\/users\/3"}],"replies":[{"embeddable":true,"href":"https:\/\/www.doorarreda.it\/fr\/wp-json\/wp\/v2\/comments?post=5485"}],"version-history":[{"count":4,"href":"https:\/\/www.doorarreda.it\/fr\/wp-json\/wp\/v2\/pages\/5485\/revisions"}],"predecessor-version":[{"id":5499,"href":"https:\/\/www.doorarreda.it\/fr\/wp-json\/wp\/v2\/pages\/5485\/revisions\/5499"}],"wp:attachment":[{"href":"https:\/\/www.doorarreda.it\/fr\/wp-json\/wp\/v2\/media?parent=5485"}],"curies":[{"name":"wp","href":"https:\/\/api.w.org\/{rel}","templated":true}]}}